{"id":22,"date":"2018-04-27T19:42:01","date_gmt":"2018-04-27T22:42:01","guid":{"rendered":"https:\/\/nupet.daelt.ct.utfpr.edu.br\/site\/?page_id=22"},"modified":"2026-03-10T17:39:30","modified_gmt":"2026-03-10T20:39:30","slug":"atividades-complementares","status":"publish","type":"page","link":"https:\/\/nupet.daelt.ct.utfpr.edu.br\/site\/index.php\/atividades-complementares\/","title":{"rendered":"Atividades Complementares"},"content":{"rendered":"\n<p>As Atividades Complementares s\u00e3o obrigat\u00f3rias, para obten\u00e7\u00e3o do Grau de Engenheiro, nos Cursos de: Engenharia Industrial El\u00e9trica \u00eanfase Eletrot\u00e9cnica a partir da grade 4, Engenharia Industrial El\u00e9trica \u00eanfase Automa\u00e7\u00e3o, Engenharia de Controle e Automa\u00e7\u00e3o e Engenharia El\u00e9trica. Confira abaixo o Regulamento das Atividades Complementares e a Tabela de Pontua\u00e7\u00e3o para Valida\u00e7\u00e3o das mesmas.<strong> Documentos que <u>devem ser lidos na \u00edntegra<\/u>:<\/strong><\/p>\n\n\n\n<ul class=\"wp-block-list\">\n<li><a href=\"http:\/\/portal.utfpr.edu.br\/documentos\/conselhos\/cogep\/resolucoes\/regulamento-das-atividades-complementares\/view\">Regulamento das Atividades Complementares<\/a> (Regulamento \u00danico para todos Cursos de Gradua\u00e7\u00e3o da UTFPR &#8211; Engenharias e Tecnologias)<\/li>\n\n\n\n<li><a href=\"http:\/\/www.utfpr.edu.br\/cursos\/coordenacoes\/graduacao\/curitiba\/ct-engenharia-eletrica\/documentos\/atividades-complementares\/pontuacao-atividades-complementares.pdf\">Tabela de Pontua\u00e7\u00e3o para Valida\u00e7\u00e3o das Atividades Complementares.<\/a> (Tabela Unificada e \u00fanica em vigor, para todos Cursos de Engenharia e Tecnologia do DAELT, aprovada e em vig\u00eancia a partir do 1\u00basemestre de 2010)<\/li>\n\n\n\n<li><a href=\"https:\/\/sei.utfpr.edu.br\/sei\/publicacoes\/controlador_publicacoes.php?acao=publicacao_visualizar&amp;id_documento=2161063&amp;id_orgao_publicacao=0\">Resolu\u00e7\u00e3o COGEP\/UTFPR n\u00ba <strong>65\/2021<\/strong><\/a>: <strong>Ajuste dos artigos 15 e 16 do Regulamento das atividades complementares dos cursos de Gradua\u00e7\u00e3o da UTFPR<\/strong> (resolu\u00e7\u00e3o n\u00ba 56\/07 \u2013 COEPP, de 22 de junho de 2007).<\/li>\n<\/ul>\n\n\n\n<p class=\"has-black-color has-text-color has-link-color wp-elements-5b016ed90f7701417985ce687e4e4c32\"><strong><u>ATEN\u00c7\u00c3O:<\/u> <\/strong>Compete ao aluno entregar a documenta\u00e7\u00e3o necess\u00e1ria para a pontua\u00e7\u00e3o e a avalia\u00e7\u00e3o das Atividades Complementares<strong>.<\/strong><\/p>\n\n\n\n<p class=\"has-medium-font-size\"><span style=\"color: #000000;\"><strong>Fluxograma de Atendimento<\/strong><\/span>&nbsp;<\/p>\n\n\n\n<p>Vers\u00e3o PDF do fluxograma: <a href=\"https:\/\/drive.google.com\/file\/d\/1z9r-wl4Hn8GKs6KDAh1tGZ-g63mflmFb\/view?usp=sharing\">clique aqui!<\/a><\/p>\n\n\n\n<figure class=\"wp-block-image size-large is-style-default\"><img loading=\"lazy\" decoding=\"async\" width=\"1024\" height=\"571\" src=\"https:\/\/nupet.daelt.ct.utfpr.edu.br\/site\/wp-content\/uploads\/2023\/08\/Fluxograma-ATICOM-DAELT-1024x571.png\" alt=\"\" class=\"wp-image-1510\" srcset=\"https:\/\/nupet.daelt.ct.utfpr.edu.br\/site\/wp-content\/uploads\/2023\/08\/Fluxograma-ATICOM-DAELT-1024x571.png 1024w, https:\/\/nupet.daelt.ct.utfpr.edu.br\/site\/wp-content\/uploads\/2023\/08\/Fluxograma-ATICOM-DAELT-300x167.png 300w, https:\/\/nupet.daelt.ct.utfpr.edu.br\/site\/wp-content\/uploads\/2023\/08\/Fluxograma-ATICOM-DAELT-768x428.png 768w, https:\/\/nupet.daelt.ct.utfpr.edu.br\/site\/wp-content\/uploads\/2023\/08\/Fluxograma-ATICOM-DAELT-1536x856.png 1536w, https:\/\/nupet.daelt.ct.utfpr.edu.br\/site\/wp-content\/uploads\/2023\/08\/Fluxograma-ATICOM-DAELT-2048x1142.png 2048w, https:\/\/nupet.daelt.ct.utfpr.edu.br\/site\/wp-content\/uploads\/2023\/08\/Fluxograma-ATICOM-DAELT-800x445.png 800w\" sizes=\"auto, (max-width: 1024px) 100vw, 1024px\" \/><\/figure>\n\n\n\n<p class=\"has-medium-font-size\"><strong>Instru\u00e7\u00f5es para Submiss\u00e3o de Documentos<\/strong><\/p>\n\n\n\n<p>Ap\u00f3s ler e interpretar corretamente o fluxograma, utilize os documentos de submiss\u00e3o abaixo:<\/p>\n\n\n\n<ul class=\"wp-block-list\">\n<li><strong><a href=\"https:\/\/docs.google.com\/spreadsheets\/d\/1fBMliGNqbCBi-PWlz01XEW9UzmVNynYDuSTe4N_nNxM\/edit?usp=sharing\">Tabela de pontua\u00e7\u00e3o<\/a><\/strong>: Esta planilha possui duas abas. Ap\u00f3s <strong>preencher <\/strong>o cabe\u00e7alho com todos os dados, na primeira aba <strong>ser\u00e1 necess\u00e1rio escolher<\/strong> as atividades que foram realizadas, e preencher a quantidade\/ocorr\u00eancia das mesmas. Na segunda aba <strong>ser\u00e1 necess\u00e1rio descrever<\/strong> cada certificado que est\u00e1 sendo submetido, informando qual grupo ele pontua, qual atividade da tabela ele atende, quanto ele pontua no grupo e atividade citados. Um PDF desta tabela <strong>deve ser gerado<\/strong>, com todas as informa\u00e7\u00f5es, o qual ser\u00e1 submetido junto com a documenta\u00e7\u00e3o comprobat\u00f3ria.<\/li>\n\n\n\n<li><a href=\"https:\/\/docs.google.com\/forms\/d\/e\/1FAIpQLScPvtH5eSxR4_jDRCToWEA2Nov02eCD8K4ADMmjJEmixRlCmQ\/viewform?usp=sf_link\"><strong>Formul\u00e1rio de Submiss\u00e3o dos documentos e certificados<\/strong>:<\/a> Neste formul\u00e1rio o discente vai <strong>preencher todas as informa\u00e7\u00f5es solicitadas<\/strong>, enviar tr\u00eas PDF&#8217;s (um PDF combinando toda documenta\u00e7\u00e3o do grupo 1, outro combinando tudo do grupo 2, etc.) e o PDF da Tabela de pontua\u00e7\u00e3o preenchida. O formul\u00e1rio est\u00e1 dispon\u00edvel <strong>apenas<\/strong> para o dom\u00ednio @alunos.utfpr.edu.br.<\/li>\n\n\n\n<li><strong>IMPORTANTE<\/strong>: Para fins de rastreamento, <strong>todos os documentos<\/strong> devem conter <strong>a identifica\u00e7\u00e3o completa<\/strong> da empresa para fins de rastreamento ( <strong>Nome, CNPJ, endere\u00e7o f\u00edsico completo ou URL, telefone de contato<\/strong>). <strong>Todas as assinaturas<\/strong> devem ser devidamente identificadas (nome da pessoa e cargo) <strong>com carimbo ou pr\u00e9-impress\u00e3o ou assinatura eletr\u00f4nica da empresa<\/strong><\/li>\n<\/ul>\n\n\n\n<p><b> <mark> Prazo para t\u00e9rmino da submiss\u00e3o de atividades complementares: <\/mark> <\/b><\/p>\n<!-- Display the countdown timer in an element -->\n<p id=\"demo\">\u00a0<\/p>\n<p><script>\n\/\/ Set the date we're counting down to\nvar countDownDate = new Date(\"Jul 09, 2026 18:30:00\").getTime();\n\n\/\/ Update the count down every 1 second\nvar x = setInterval(function() {\n\n  \/\/ Get today's date and time\n  var now = new Date().getTime();\n\n  \/\/ Find the distance between now and the count down date\n  var distance = countDownDate - now;\n\n  \/\/ Time calculations for days, hours, minutes and seconds\n  var days = Math.floor(distance \/ (1000 * 60 * 60 * 24));\n  var hours = Math.floor((distance % (1000 * 60 * 60 * 24)) \/ (1000 * 60 * 60));\n  var minutes = Math.floor((distance % (1000 * 60 * 60)) \/ (1000 * 60));\n  var seconds = Math.floor((distance % (1000 * 60)) \/ 1000);\n\n\n \/\/ Display the result in the element with id=\"demo\"\n  document.getElementById(\"demo\").innerHTML = days + \"d \" + hours + \"h \"\n  + minutes + \"m \" + seconds + \"s \";\n\n  \/\/ If the count down is finished, write some text\n  if (distance < 0) {\n    clearInterval(x);\n    document.getElementById(\"demo\").innerHTML = \"FORA DO PRAZO, AGUARDE O RETORNO DAS ATIVIDADES ACAD\u00caMICAS.\";\n  }\n}, 1000);\n<\/script><\/p>\n<p>&nbsp;<\/p>\n\n\n\n<h2 class=\"wp-block-heading\"><strong>Perguntas frequentes:<\/strong><\/h2>\n\n\n\n<p><b><i>Como fa\u00e7o para combinar meus certificados em um \u00fanico PDF?<\/i><\/b><\/p>\n\n\n\n<p>O v\u00eddeo compartilhado a seguir mostra de forma simples e r\u00e1pida como combinar os PDF's.<i style=\"font-weight: bold;\">&nbsp;<\/i><\/p>\n\n\n\n<figure class=\"wp-block-embed is-type-video is-provider-youtube wp-block-embed-youtube wp-embed-aspect-16-9 wp-has-aspect-ratio\"><div class=\"wp-block-embed__wrapper\">\n<iframe loading=\"lazy\" title=\"Como combinar v\u00e1rios arquivos PDFs em um \u00fanico arquivo PDF de forma gratuita e online.\" width=\"800\" height=\"450\" src=\"https:\/\/www.youtube.com\/embed\/AXhjaj9Q9xk?feature=oembed\" frameborder=\"0\" allow=\"accelerometer; autoplay; clipboard-write; encrypted-media; gyroscope; picture-in-picture; web-share\" referrerpolicy=\"strict-origin-when-cross-origin\" allowfullscreen><\/iframe>\n<\/div><figcaption class=\"wp-element-caption\">Como combinar v\u00e1rios arquivos PDFs em um \u00fanico de forma gratuita e online.<\/figcaption><\/figure>\n\n\n\n<p class=\"wp-block-heading\"><b><i>Qual \u00e9 a pontua\u00e7\u00e3o m\u00ednima para ser aprovado em atividades complementares?\u00a0<\/i><\/b><\/p>\n\n\n\n<p style=\"font-size:14px\"><p style=\"font-size: 14px;\">A pontua\u00e7\u00e3o m\u00ednima total \u00e9 de 70 pontos, sendo pelo menos 20 pontos em cada um dos 3 grupos. A pontua\u00e7\u00e3o para as atividades v\u00e1lidas deve ser verificada na tabela de pontua\u00e7\u00e3o do curso.<\/p>\n<h4><em>Gostaria de protocolar minhas atividades complementares para forma\u00e7\u00e3o do curso de engenharia el\u00e9trica. Posso fazer esse procedimento por e-mail ou \u00e9 necess\u00e1rio que seja presencial?<\/em><\/h4>\n<p>N\u00e3o \u00e9 recomendado enviar os documentos por email. \u00c9 necess\u00e1rio seguir as intru\u00e7\u00f5es contidas no site, enviando os arquivos atrav\u00e9s do formul\u00e1rio de submiss\u00e3o e interagindo por email apenas para tirar d\u00favidas ou esclarecimentos acerca da submiss\u00e3o ou da disciplina. Em atendimento presencial, tamb\u00e9m \u00e9 poss\u00edvel validar a documenta\u00e7\u00e3o. Os hor\u00e1rios de atendimento podem ser consultados por email.<\/p><\/p>\n\n\n\n<p class=\"wp-block-heading\"><b><i>Quais s\u00e3o os grupos de atividades complementares?<\/i><\/b><\/p>\n\n\n\n<p style=\"font-size:14px\">Os 3 grupos s\u00e3o:<\/p>\n\n\n\n<ul class=\"wp-block-list\">\n<li style=\"font-size:14px\">Grupo 1: Atividades de complementa\u00e7\u00e3o da forma\u00e7\u00e3o social, humana e cultural<\/li>\n\n\n\n<li style=\"font-size:14px\">Grupo 2: Atividades de cunho comunit\u00e1rio e de interesse coletivo<\/li>\n\n\n\n<li style=\"font-size:14px\">Grupo 3: Atividades de inicia\u00e7\u00e3o cient\u00edfica, tecnol\u00f3gica e de forma\u00e7\u00e3o profissional<\/li>\n<\/ul>\n\n\n\n<p>&nbsp;<\/p>\n\n\n\n<p class=\"wp-block-heading\"><b><i>\u00c9 atribu\u00edda uma nota nas atividades complementares?<\/i><\/b><\/p>\n\n\n\n<p style=\"font-size:14px\">N\u00e3o \u00e9 atribu\u00edda uma nota na conclus\u00e3o das atividades complementares, apenas matr\u00edcula e aprova\u00e7\u00e3o.<\/p>\n\n\n\n<p class=\"wp-block-heading\"><b><i>Qual \u00e9 o per\u00edodo de realiza\u00e7\u00e3o das atividades?\u00a0<\/i><\/b><\/p>\n\n\n\n<p style=\"font-size:14px\">S\u00e3o v\u00e1lidas as atividades realizadas durante o curso, a partir da data de entrada que consta no Sistema Acad\u00eamico, com exce\u00e7\u00e3o de flu\u00eancia em idioma estrangeiro, devidamente comprovada com certificado ou diploma<\/p>\n\n\n\n<p class=\"wp-block-heading\"><b><i>Como comprovar a atividade complementar?<\/i><\/b><\/p>\n\n\n\n<p style=\"font-size:14px\">A comprova\u00e7\u00e3o da realiza\u00e7\u00e3o da atividade \u00e9 atrav\u00e9s de documentos, declara\u00e7\u00f5es, certificados e afins com registro de proced\u00eancia, dados da institui\u00e7\u00e3o emitente e todas as informa\u00e7\u00f5es necess\u00e1rias para classificar e pontuar a atividade realizada.<\/p>\n\n\n\n<p class=\"wp-block-heading\"><b><i>Existe um modelo para o documento comprobat\u00f3rio?<\/i><\/b><\/p>\n\n\n\n<p style=\"font-size:14px\">N\u00e3o h\u00e1 um modelo espec\u00edfico para o documento. \u00c9 necess\u00e1rio que apresente todas as informa\u00e7\u00f5es necess\u00e1rias para a pontua\u00e7\u00e3o considerando o item correspondente da tabela de pontua\u00e7\u00e3o.<\/p>\n\n\n\n<p class=\"wp-block-heading\"><b><i>Como solicitar matr\u00edcula e aprova\u00e7\u00e3o?\u00a0<\/i><\/b><\/p>\n\n\n\n<p style=\"font-size:14px\">Para matr\u00edcula e aprova\u00e7\u00e3o \u00e9 necess\u00e1rio entregar toda a documenta\u00e7\u00e3o comprobat\u00f3ria da pontua\u00e7\u00e3o total obtida. N\u00e3o s\u00e3o aceitas ou registradas entregas de documenta\u00e7\u00e3o parcial.<\/p>\n\n\n\n<p class=\"wp-block-heading\"><b><i>Quando posso entregar a documenta\u00e7\u00e3o comprobat\u00f3ria?\u00a0<\/i><\/b><\/p>\n\n\n\n<p style=\"font-size:14px\">Durante o per\u00edodo letivo do calend\u00e1rio acad\u00eamico em qualquer um dos per\u00edodos do curso, desde que j\u00e1 tenha toda a pontua\u00e7\u00e3o necess\u00e1ria para aprova\u00e7\u00e3o e os documentos comprobat\u00f3rios v\u00e1lidos.<\/p>\n\n\n\n<p class=\"wp-block-heading\"><b><i>Como devo entregar os documentos para matr\u00edcula e aprova\u00e7\u00e3o?<\/i><\/b><\/p>\n\n\n\n<p style=\"font-size:14px\">Os documentos devem ser enviados atrav\u00e9s do forms compartilhado nesta p\u00e1gina, atendendo a todas as instru\u00e7\u00f5es repassadas no in\u00edcio da mesma.<\/p>\n\n\n\n<p><b>Cuidados ao enviar os documentos:<\/b><\/p>\n\n\n\n<ul class=\"wp-block-list\">\n<li style=\"font-size:14px\">Nos documentos devem constar todas as informa\u00e7\u00f5es necess\u00e1rias para valida\u00e7\u00e3o e pontua\u00e7\u00e3o, tais como nome, data, per\u00edodo de realiza\u00e7\u00e3o, dados institui\u00e7\u00e3o respons\u00e1vel\/emitente, quantidade de horas quando pontuado por horas, informa\u00e7\u00f5es b\u00e1sicas do tipo de atividade realizada, assinatura do respons\u00e1vel, etc.<\/li>\n\n\n\n<li style=\"font-size:14px\">Verifique a data do seu ingresso que consta&nbsp;no sistema acad\u00eamico&nbsp;e a data dos certificados. N\u00e3o s\u00e3o aceitos certificados com data anterior.<\/li>\n\n\n\n<li style=\"font-size:14px\">Tome cuidado para digitalizar frente e verso dos documentos que possuem informa\u00e7\u00f5es no verso.<\/li>\n\n\n\n<li style=\"font-size:14px\">Verifique se o documento possui carimbo ou assinatura digital. O emissor pode inclusive adotar a assinatura digital que est\u00e1 dispon\u00edvel no <a href=\"https:\/\/www.gov.br\/governodigital\/pt-br\/assinatura-eletronica\">SOUGOV<\/a><\/li>\n<\/ul>\n\n\n\n<p>&nbsp;<\/p>\n\n\n\n<p class=\"wp-block-heading\"><b><i>Que comprovantes posso utilizar para comprovar o estudo de idiomas e pontuar no grupo 1?\u00a0<\/i><\/b><\/p>\n\n\n\n<p style=\"font-size:14px\">Para o estudo de idiomas deve ser apresentado um comprovante emitido pela pessoa jur\u00eddica respons\u00e1vel pelo curso devidamente assinado e com a&nbsp; indica\u00e7\u00e3o da carga hor\u00e1ria, aprova\u00e7\u00e3o e per\u00edodo de estudos. A pontua\u00e7\u00e3o \u00e9 por hora sendo 0,25 pontos\/h.<\/p>\n\n\n\n<p class=\"wp-block-heading\"><b><i>Que comprovantes posso utilizar para comprovar profici\u00eancia em estudo de idiomas e pontuar no grupo 1?\u00a0<\/i><\/b><\/p>\n\n\n\n<p class=\"wp-block-heading\" style=\"font-size: 14px;\">A comprova\u00e7\u00e3o da profici\u00eancia em idiomas pode ser realizada com certificado de conclus\u00e3o integral de curso ou por testes espec\u00edficos realizados por alguma organiza\u00e7\u00e3o reconhecida. Em termos gerais, aceita-se o equivalente ao n\u00edvel C1 ou superior do quadro Europeu Comum de Refer\u00eancia para l\u00ednguas.<\/p>\n\n\n\n<p>Tamb\u00e9m s\u00e3o aceitos certificados de profici\u00eancia emitidos por escolas id\u00f4neas que convalidem um curso de idiomas estrangeiros equivalente oferecido por esta escola. O certificado deve conter o termo \"Flu\u00eancia total\", descri\u00e7\u00e3o e carga hor\u00e1ria do curso convalidado. Para fins de rastreamento, assinaturas com carimbo devidamente identificadas (nome e cargo) ou assinatura eletr\u00f4nica, CNPJ, endere\u00e7o, contato.<\/p>\n\n\n\n<p class=\"wp-block-heading\"><b><i>Como posso comprovar carga hor\u00e1ria de atividade f\u00edsica em academia?<\/i><\/b><\/p>\n\n\n\n<p style=\"font-size:14px\">Para comprovar atividade f\u00edsica em academia, \u00e9 exigido uma declara\u00e7\u00e3o com carimbo e assinatura (ou assinatura digital) <strong>da empresa<\/strong> ou <strong>organiza\u00e7\u00e3o respons\u00e1vel,<\/strong> explicitando o total de horas de atividade e o per\u00edodo de realiza\u00e7\u00e3o.&nbsp; N\u00e3o ser\u00e3o aceitos documentos com carga hor\u00e1ria contratada ou similares. \u00c9 necess\u00e1rio que esteja especificado as atividades efetivamente realizadas.<\/p>\n\n\n\n<p class=\"has-medium-font-size\"><b><i><strong>Como posso comprovar participa\u00e7\u00e3o em competi\u00e7\u00f5es e eventos esportivos oficiais?<\/strong><\/i><\/b><\/p>\n\n\n\n<p>\u00c9 necess\u00e1rio obter um certificado, no qual deve constar nome e cnpj da institui\u00e7\u00e3o organizadora, modalidade,&nbsp; data de realiza\u00e7\u00e3o das atividades, resultado obtido no evento, carimbo e assinatura (ou assinatura digital) da institui\u00e7\u00e3o respons\u00e1vel, similar ao mostrado na figura abaixo<\/p>\n\n\n\n<figure class=\"wp-block-image\"><img decoding=\"async\" src=\"https:\/\/lh3.googleusercontent.com\/s7_Rjbbjas94p4Ts5qc8Dc_JEP_qh-LClIV4QwDQmCeP4ggclXvbV006zF9SvCT0Qz4y1R6GWboJOsDPr2P045_lMOr4gHWOeOYKSwqSG_w6mnVAn-5hTKNaQ24Defl0fi6uYZG704lh03iIpekUWg\" alt=\"\"\/><\/figure>\n\n\n\n<p>Os certificados de corridas de rua (maratonas) precisam conter um link (preferencialmente ativo) para verifica\u00e7\u00e3o \/ comprova\u00e7\u00e3o (sites organizadores, p. ex. O2Corre, etc.). A equipe das Atividades complementares n\u00e3o ser\u00e1 respons\u00e1vel em executar buscas no google para fins de valida\u00e7\u00e3o do certificado. O link de valida\u00e7\u00e3o pode ser enviado em anexo aos certificados. Alternativamente, os certificados devem ter uma assinatura digital da empresa organizadora.<\/p>\n\n\n\n<p class=\"wp-block-heading\"><b><i>A convoca\u00e7\u00e3o para trabalhar nas elei\u00e7\u00f5es pontua em atividades complementares?<\/i><\/b><\/p>\n\n\n\n<p style=\"font-size:14px\"><p style=\"font-size: 14px;\">As convoca\u00e7\u00f5es para trabalhar nas elei\u00e7\u00f5es s\u00e3o consideradas atividades volunt\u00e1rias e por isso pontuam com dois pontos por hora de atividade. Cada turno das elei\u00e7\u00f5es s\u00e3o consideradas 11h de trabalho, pois considera-se o treinamento como hora de atividades.<\/p>\n<p>&nbsp;<\/p><\/p>\n\n\n\n<p><em><strong>Quais documentos s\u00e3o necess\u00e1rios para comprovar profici\u00eancia em l\u00edngua inglesa no grupo 1?<\/strong><\/em><\/p>\n\n\n\n<p>\u00c9 necess\u00e1rio obter certificado de uma institui\u00e7\u00e3o oficial (TOELF ou IELTS), pontuando C1 ou superior, nota considerada proficiente no quadro europeu CEFR. Demais institui\u00e7\u00f5es n\u00e3o s\u00e3o acreditadas pelas embaixadas e org\u00e3os internacionais para reconhecer profici\u00eancia, testes r\u00e1pidos, testes de p\u00f3s gradua\u00e7\u00e3o ou aplicados por intelig\u00eancia artificial n\u00e3o s\u00e3o aceitos. Demais informa\u00e7\u00f5es consulte a pergunta anterior deste faq.<\/p>\n\n\n\n<p><h4><strong><em>As atividades de monitoria no SECAEL (semana academica de engenharia) entra no grupo 2 de&nbsp;Atividades de cunho comunit\u00e1rio e de interesse coletivo como trabalho volunt\u00e1rio?<\/em><\/strong><\/h4>\n<p>Elas podem ser consideradas como trabalho volunt\u00e1rio, se a diretoria do SECAEL o reconhecer como tal. Eles precisam emitir um certificado, informando: o trabalho realizado, se \u00e9 volunt\u00e1rio (se n\u00e3o for n\u00e3o poder\u00e1 ser utilizado), quantas horas foram dedicadas, a data no formato dd\/mm\/aa, e tamb\u00e9m precisa da assinatura do diretor do SECAEL, com carimbo da institui\u00e7\u00e3o ou assinatura digital. Tal certificado vai pontuar no \u00edtem 3 do grupo 2.<\/p><\/p>\n\n\n\n<p><strong><em>Que documento devo apresentar para comprovar<\/em><\/strong><em><strong> trabalho volunt\u00e1rio par<\/strong><\/em><strong><em>a o grupo 2?<\/em><\/strong><\/p>\n\n\n\n<div class=\"wp-block-media-text is-stacked-on-mobile\"><figure class=\"wp-block-media-text__media\"><img loading=\"lazy\" decoding=\"async\" width=\"728\" height=\"782\" src=\"https:\/\/nupet.daelt.ct.utfpr.edu.br\/site\/wp-content\/uploads\/2023\/12\/exemplo-declaracao-atividade-comunitaria-1.png\" alt=\"\" class=\"wp-image-1549 size-full\" srcset=\"https:\/\/nupet.daelt.ct.utfpr.edu.br\/site\/wp-content\/uploads\/2023\/12\/exemplo-declaracao-atividade-comunitaria-1.png 728w, https:\/\/nupet.daelt.ct.utfpr.edu.br\/site\/wp-content\/uploads\/2023\/12\/exemplo-declaracao-atividade-comunitaria-1-279x300.png 279w\" sizes=\"auto, (max-width: 728px) 100vw, 728px\" \/><\/figure><div class=\"wp-block-media-text__content\">\n<p class=\"has-small-font-size\">Para comprovar trabalho volunt\u00e1rio, \u00e9 exigido uma declara\u00e7\u00e3o assinada da empresa ou organiza\u00e7\u00e3o respons\u00e1vel, constando <strong>CNPJ carimbo e assinatura<\/strong> (ou assinatura digital com <strong>c\u00f3digo de autentica\u00e7\u00e3o<\/strong>), <strong>descri\u00e7\u00e3o da atividade<\/strong>, o <strong>total de horas<\/strong> de atividade e o <strong>per\u00edodo de realiza\u00e7\u00e3o<\/strong>.&nbsp; <strong>N\u00e3o ser\u00e3o aceitos<\/strong> documentos sem assinatura autenticada e CNPJ da institui\u00e7\u00e3o envolvida. <strong>\u00c9 necess\u00e1rio<\/strong> que esteja especificado as atividades efetivamente realizadas, destacando que foi <strong>volunt\u00e1rio.<\/strong><\/p>\n<\/div><\/div>\n\n\n\n<p><em><strong>Possuo um treinamento de brigadista pela minha antiga empresa, apenas o certificado de treinamento equivale para reivindicar a pontua\u00e7\u00e3o necess\u00e1ria?<\/strong><\/em><\/p>\n\n\n\n<p>\u00e9 necess\u00e1rio um certificado informando que o curso foi ministrado para membros internos da cipa da empresa, citando tamb\u00e9m a empresa, carimbo e assinatura ou assinatura digital da empresa, al\u00e9m das datas.<\/p>\n\n\n\n<p><h4><em>A doa\u00e7\u00e3o de sangue pode ser considerada como atividade complementar volunt\u00e1ria?<\/em><\/h4>\n<p><span style=\"font-weight: 400;\">No presente momento n\u00e3o pode. Considerando a LEI No 10.205, DE 21 DE MAR\u00c7O DE 2001, entende-se que o doador precisa efetuar a doa\u00e7\u00e3o nos termos da lei, sem obter qualquer remunera\u00e7\u00e3o\/vantagem al\u00e9m daquelas j\u00e1 oferecidas pelo governo brasileiro. Se eventualmente a legisla\u00e7\u00e3o brasileira integrar as atividades complementares das institui\u00e7\u00f5es em sua pol\u00edtica, ent\u00e3o poder\u00e1 ser aceita.<\/span><\/p>\n<h4><em>Os projetos de extens\u00e3o realizados na mat\u00e9ria de Oficina de Integra\u00e7\u00e3o I e II tamb\u00e9m podem ser validados como horas complementares (Grupo 2 do edital)?<\/em><\/h4>\n<p>Eles podem se o aluno obter um certificado do professor respons\u00e1vel pelo projeto de extens\u00e3o, no qual a atividade precisa ser volunt\u00e1ria e atender algum interesse da sociedade. Al\u00e9m dessas informa\u00e7\u00f5es, precisa constar no certificado a quantidade de horas realizadas, datas associadas, nome do projeto de extens\u00e3o cadastrado na institui\u00e7\u00e3o,&nbsp; assinatura com carimbo ou assinatura digital do professor respons\u00e1vel pelo projeto de extens\u00e3o.&nbsp;<\/p><\/p>\n\n\n\n<p class=\"wp-block-heading\"><b><i>Que documento devo apresentar para comprovar o est\u00e1gio n\u00e3o obrigat\u00f3rio para o grupo 3?<\/i><\/b><\/p>\n\n\n\n<p style=\"font-size:14px\">A comprova\u00e7\u00e3o do est\u00e1gio n\u00e3o obrigat\u00f3rio precisa dos seguintes documentos: do <strong>Plano de Est\u00e1gio<\/strong>, do <strong>Termo de Compromisso de Est\u00e1gio<\/strong> e do <strong>comprovante da Rescis\u00e3o do contrato do est\u00e1gio<\/strong> (pode ser: declara\u00e7\u00e3o de conclus\u00e3o, rescis\u00e3o do contrato ou renova\u00e7\u00e3o de est\u00e1gio, citando o contrato anterior). Todos com a indica\u00e7\u00e3o do termo \u201cN\u00e3o obrigat\u00f3rio\u201d, estes documento podem ser obtido no SEI, j\u00e1 com as assinaturas eletr\u00f4nicas, pois os est\u00e1gio s\u00e3o intermediados pela UTFPR. Caso n\u00e3o tenha acesso ao SEI, favor entrar em contato com o <strong>professor respons\u00e1vel por est\u00e1gio (PRAE)<\/strong> ou a <strong>coordena\u00e7\u00e3o do curso<\/strong>.<\/p>\n\n\n\n<p><strong><em>Que documento devo apresentar para comprovar trabalho profissional na \u00e1rea para o grupo 3?<\/em><\/strong><\/p>\n\n\n\n<p>Para validar horas de trabalho profissional pode utilizar comprovantes de horas trabalhadas na \u00e1rea do curso, por exemplo:<\/p>\n\n\n\n<ul class=\"wp-block-list\">\n\n<li>Registro em carteira de trabalho digital (c\u00f3pias das anota\u00e7\u00f5es desde a admiss\u00e3o at\u00e9 a presente momento), nesta \u00e1rea h\u00e1 a anota\u00e7\u00e3o do cargo e a data de admiss\u00e3o. O tempo de registro deve ser suficiente para cumprir o montante das horas necess\u00e1rias para este grupo 3;<\/li>\n\n\r\n\r\n\n<li>Registro de empresa (p. ex. MEI) ou contrato social, onde o requerente consta como propriet\u00e1rio ou s\u00f3cio\u00a0titular e o Comprovante de Inscri\u00e7\u00e3o e de Situa\u00e7\u00e3o Cadastral de Pessoa Jur\u00eddica, que pode ser obtido no site da receita federal. A situa\u00e7\u00e3o cadastral deve constar como ativa. Para validar o documento, faremos buscas nos sites da receita federal e http:\/\/cnpj.info. Obs; a emiss\u00e3o do comprovante pode ser obtido em https:\/\/solucoes.receita.fazenda.gov.br\/servicos\/cnpjreva\/cnpjreva_solicitacao.asp.<\/li>\n\n\r\n\r\n\n<li>Contrato de trabalho de presta\u00e7\u00e3o de servi\u00e7os entre as partes, como aut\u00f4nomo ou PJ com a parte contratante PJ, juntamente com a declara\u00e7\u00e3o de conclus\u00e3o parcial ou total da atividade, de modo a cumprir o montante das horas necess\u00e1rias para este grupo 3. O contrato deve mostrar as atividades a serem executadas. Os documentos devem estar assinados (nome e cargo do(s) assinador(es)) com carimbo CNPJ ou assinatura digital da(s) empresa(s);<\/li>\n\n<\/ul>\r\n<p><em><strong>Para ouvinte de palestras t\u00e9cnicas da semana acad\u00eamica s\u00e3o 1 ponto por palestra ou 0,25 pontos por hora das palestras?<\/strong><\/em><\/p>\r\n<p>Se a sua palestra <strong>durou um turno<\/strong> (4 horas), ent\u00e3o voc\u00ea tem 0,25 ponto por hora, o que equivale a 1 ponto por turno. Se ela <strong>durou menos<\/strong><br \/>ai ent\u00e3o voc\u00ea considera 0,25 ponto por hora.<\/p>\n","protected":false},"excerpt":{"rendered":"<p>As Atividades Complementares s\u00e3o obrigat\u00f3rias, para obten\u00e7\u00e3o do Grau de Engenheiro, nos Cursos de: Engenharia Industrial El\u00e9trica \u00eanfase Eletrot\u00e9cnica a<\/p>\n","protected":false},"author":1,"featured_media":0,"parent":0,"menu_order":0,"comment_status":"closed","ping_status":"closed","template":"","meta":{"colormag_page_container_layout":"default_layout","colormag_page_sidebar_layout":"default_layout","footnotes":""},"class_list":["post-22","page","type-page","status-publish","hentry"],"_links":{"self":[{"href":"https:\/\/nupet.daelt.ct.utfpr.edu.br\/site\/index.php\/wp-json\/wp\/v2\/pages\/22","targetHints":{"allow":["GET"]}}],"collection":[{"href":"https:\/\/nupet.daelt.ct.utfpr.edu.br\/site\/index.php\/wp-json\/wp\/v2\/pages"}],"about":[{"href":"https:\/\/nupet.daelt.ct.utfpr.edu.br\/site\/index.php\/wp-json\/wp\/v2\/types\/page"}],"author":[{"embeddable":true,"href":"https:\/\/nupet.daelt.ct.utfpr.edu.br\/site\/index.php\/wp-json\/wp\/v2\/users\/1"}],"replies":[{"embeddable":true,"href":"https:\/\/nupet.daelt.ct.utfpr.edu.br\/site\/index.php\/wp-json\/wp\/v2\/comments?post=22"}],"version-history":[{"count":74,"href":"https:\/\/nupet.daelt.ct.utfpr.edu.br\/site\/index.php\/wp-json\/wp\/v2\/pages\/22\/revisions"}],"predecessor-version":[{"id":1616,"href":"https:\/\/nupet.daelt.ct.utfpr.edu.br\/site\/index.php\/wp-json\/wp\/v2\/pages\/22\/revisions\/1616"}],"wp:attachment":[{"href":"https:\/\/nupet.daelt.ct.utfpr.edu.br\/site\/index.php\/wp-json\/wp\/v2\/media?parent=22"}],"curies":[{"name":"wp","href":"https:\/\/api.w.org\/{rel}","templated":true}]}}